{"id":15,"date":"2013-09-20T18:04:31","date_gmt":"2013-09-20T18:04:31","guid":{"rendered":"http:\/\/zstrumiejki.pl\/?page_id=15"},"modified":"2021-11-23T07:33:49","modified_gmt":"2021-11-23T07:33:49","slug":"samorzad-szkolny","status":"publish","type":"page","link":"http:\/\/zstrumiejki.pl\/?page_id=15","title":{"rendered":"Samorz\u0105d szkolny"},"content":{"rendered":"<p style=\"text-align: justify;\">&#8222;Samorz\u0105d jest to w\u0142a\u015bciwie praca organizowana po to, aby jednakowo dobrze dzia\u0142o si\u0119 wszystkim, kt\u00f3rzy razem ucz\u0105 si\u0119, dzia\u0142aj\u0105, \u017ceby jeden drugiego nie krzywdzi\u0142, nie przeszkadza\u0142, nie dokucza\u0142, \u017ceby \u015bwiadczy\u0142 przys\u0142ugi, pomaga\u0142, opiekowa\u0142 si\u0119, pilnowa\u0142 porz\u0105dku i praworz\u0105dno\u015bci \u2026to nie tylko praca, ale i walka w obronie porz\u0105dnych, dzielnych i s\u0142abych, przeciwko wrogom porz\u0105dku i sprawiedliwo\u015bci\u2026&#8221;<\/p>\n<p style=\"text-align: right;\">Janusz Korczak<\/p>\n<table style=\"width: 100%;\" border=\"0\">\n<tbody>\n<tr>\n<td>Przewodnicz\u0105cy:<\/td>\n<td>Laura Sturlis<\/td>\n<\/tr>\n<tr>\n<td>Zast\u0119pca:<\/td>\n<td>Julia Kie\u0142pi\u0144ska<\/td>\n<\/tr>\n<tr>\n<td>Opiekunowie:<\/td>\n<td>p. Aneta Lizi\u0144ska, p. Marzena Urba\u0144ska<\/td>\n<\/tr>\n<\/tbody>\n<\/table>\n<p>&nbsp;<\/p>\n<p style=\"text-align: center;\"><strong>PLAN PRACY SAMORZ\u0104DU SZKOLNEGO ZESPO\u0141U SZK\u00d3\u0141<\/strong><br \/>\n<strong>IM. ADAMA MICKIEWICZA<\/strong><br \/>\n<strong>W TRUMIEJKACH<\/strong><br \/>\n<strong>ROK SZKOLNY 2021\/2022<\/strong><\/p>\n<p>&nbsp;<\/p>\n<p>Plan pracy Samorz\u0105du Szkolnego zosta\u0142 opracowany w oparciu o:<\/p>\n<ul>\n<li>plan rozwoju szko\u0142y<br \/>\n\u2022 program wychowawczy szko\u0142y<br \/>\n\u2022 Statut Szko\u0142y<br \/>\n\u2022 Harmonogram imprez szkolnych<\/li>\n<\/ul>\n<p>&nbsp;<\/p>\n<p>Samorz\u0105d Szkolny w swoim planie pracy k\u0142adzie szczeg\u00f3lny nacisk na:<\/p>\n<ul>\n<li>tworzenie warunk\u00f3w do rozwoju samodzielno\u015bci i samorz\u0105dno\u015bci uczni\u00f3w poprzez wyrabianie poczucia odpowiedzialno\u015bci za podj\u0119te decyzje;<br \/>\n\u2022 budowanie pozytywnego, sprzyjaj\u0105cego uczeniu si\u0119 klimatu w szkole;<br \/>\n\u2022 rozw\u00f3j zainteresowa\u0144;<br \/>\n\u2022 tworzenie warunk\u00f3w indywidualnego i grupowego dzia\u0142ania na rzecz innych;<br \/>\n\u2022 podtrzymywanie szkolnych tradycji.<\/li>\n<\/ul>\n<p>&nbsp;<\/p>\n<p style=\"text-align: justify;\">Rozwijanie samorz\u0105dnej, kreatywnej i aktywnej dzia\u0142alno\u015bci uczni\u00f3w zajmuje w naszej szkole wa\u017cne miejsce i stanowi jedn\u0105 z wa\u017cniejszych spraw w procesie wychowania. Dzieci w szkole nie powinny jedynie dowiadywa\u0107 si\u0119 o \u017cyciu spo\u0142ecznym, w kt\u00f3re wejd\u0105, lecz maj\u0105 do\u015bwiadczy\u0107 organizacji zbiorowego dzia\u0142ania, wsp\u00f3\u0142tworzenia \u201d rodziny\u201d szkolnej i wsp\u00f3\u0142pracowania z nauczycielami. To przez takie dzia\u0142ania rozbudza si\u0119 inicjatyw\u0119 i samodzielno\u015b\u0107 uczni\u00f3w, wdra\u017ca do nawi\u0105zania dialogu z umiej\u0119tno\u015bci\u0105 d\u0105\u017cenia do dobra wsp\u00f3lnego oraz u\u015bwiadamia ponoszenia odpowiedzialno\u015bci za siebie i innych. Dlatego te\u017c na terenie naszej plac\u00f3wki dzia\u0142a Samorz\u0105d Uczniowski.<\/p>\n<p style=\"text-align: center;\"><strong>WRZESIE\u0143<\/strong><br \/>\nWyb\u00f3r samorz\u0105d\u00f3w klasowych.<br \/>\nWybory do Rady Samorz\u0105du Uczniowskiego.<br \/>\nOpracowanie planu pracy SU<br \/>\nZebranie Rady samorz\u0105du SU<br \/>\nUdzia\u0142 w akcji \u201eSprz\u0105tanie \u015bwiata\u201d<\/p>\n<p style=\"text-align: center;\"><strong>PA\u0179DZIERNIK<\/strong><br \/>\n\u015alubowanie klasy pierwszej Szko\u0142y Podstawowej<br \/>\nGazetka okoliczno\u015bciowa z okazji \u015awi\u0119ta Edukacji Narodowej<br \/>\nZ\u0142o\u017cenie \u017cycze\u0144 nauczycielom, pracownikom szko\u0142y i emerytom<br \/>\n\u201eG\u00d3RA GROSZA\u201d\u2013 pocz\u0105tek akcji charytatywnej.<\/p>\n<p style=\"text-align: center;\"><strong>LISTOPAD<\/strong><br \/>\nGazetka okoliczno\u015bciowa\u2013 \u015aWI\u0118TO ZMAR\u0141YCH<br \/>\nKonkursy zwi\u0105zane z Dniem \u015awi\u0119tych<br \/>\nUdzia\u0142 w miejskich obchodach Narodowego \u015awi\u0119ta Niepodleg\u0142o\u015bci<br \/>\nGazetka okoliczno\u015bciowa- Narodowe \u015awi\u0119to Niepodleg\u0142o\u015bci<br \/>\nPrzygotowanie i przeprowadzenie DYSKOTEKI ANDRZEJKOWEJ<\/p>\n<p style=\"text-align: center;\"><strong>GRUDZIE\u0143<\/strong><br \/>\nPrzygotowanie i przeprowadzenie \u201eSZKOLNYCH MIKO\u0141AJEK\u201d<br \/>\nKonkurs \u201eKARTKA BO\u017bONARODZENIOWA\u201d<br \/>\n\u201eNAJD\u0141U\u017bSZY \u0141A\u0143CUCH NA CHOINK\u0118\u201d<\/p>\n<p style=\"text-align: center;\"><strong>STYCZE\u0143<\/strong><br \/>\nWIELKA ORKIESTRA \u015aWI\u0104TECZNEJ POMOCY<br \/>\nPrzygotowanie i przeprowadzenie balu karnawa\u0142owego<br \/>\nGazetka okoliczno\u015bciowa<br \/>\nKONKURS PLASTYCZNY \u2013\u201eBEZPIECZNE FERIE\u201d<\/p>\n<p style=\"text-align: center;\"><strong>LUTY<\/strong><br \/>\nPRZEPROWADZENIE \u201e SZKOLNYCH WALENTYNEK\u201d<br \/>\nGazetka okoliczno\u015bciowa<\/p>\n<p style=\"text-align: center;\"><strong>MARZEC<\/strong><br \/>\nORGANIZACJA PIERWSZEGO DNIA WIOSNY<br \/>\nGazetka okoliczno\u015bciowa \u2013 \u201eWitaj Wiosno!\u201d<\/p>\n<p style=\"text-align: center;\"><strong>KWIECIE\u0143<\/strong><br \/>\nKonkurs \u201eNAJPI\u0118KNIEJSZA PISANKA\u201d<br \/>\n\u201eNAJPI\u0118KNIEJSZA KARTKA \u015aWI\u0104TECZNA\u201d<br \/>\nGazetka okoliczno\u015bciowa<\/p>\n<p style=\"text-align: center;\"><strong>MAJ<\/strong><br \/>\nUdzia\u0142 w miejskich obchodach uroczysto\u015bci Konstytucji 3-go Maja<br \/>\nGazetka okoliczno\u015bciowa- KONSTYTUCJA 3 MAJA<\/p>\n<p style=\"text-align: center;\"><strong>CZERWIEC<\/strong><br \/>\nPomoc w organizacji DNIA DZIECKA<br \/>\nOrganizacja DNIA PATRONA<br \/>\nPrzygotowanie apelu z okazji ZAKO\u0143CZENIA ROKU SZKOLNEGO<\/p>\n","protected":false},"excerpt":{"rendered":"<p>&#8222;Samorz\u0105d jest to w\u0142a\u015bciwie praca organizowana po to, aby jednakowo dobrze dzia\u0142o si\u0119 wszystkim, kt\u00f3rzy razem ucz\u0105 si\u0119, dzia\u0142aj\u0105, \u017ceby jeden drugiego nie krzywdzi\u0142, nie przeszkadza\u0142, nie dokucza\u0142, \u017ceby \u015bwiadczy\u0142<\/p>\n","protected":false},"author":1,"featured_media":0,"parent":0,"menu_order":0,"comment_status":"closed","ping_status":"closed","template":"","meta":{"footnotes":""},"class_list":["post-15","page","type-page","status-publish","hentry"],"_links":{"self":[{"href":"http:\/\/zstrumiejki.pl\/index.php?rest_route=\/wp\/v2\/pages\/15","targetHints":{"allow":["GET"]}}],"collection":[{"href":"http:\/\/zstrumiejki.pl\/index.php?rest_route=\/wp\/v2\/pages"}],"about":[{"href":"http:\/\/zstrumiejki.pl\/index.php?rest_route=\/wp\/v2\/types\/page"}],"author":[{"embeddable":true,"href":"http:\/\/zstrumiejki.pl\/index.php?rest_route=\/wp\/v2\/users\/1"}],"replies":[{"embeddable":true,"href":"http:\/\/zstrumiejki.pl\/index.php?rest_route=%2Fwp%2Fv2%2Fcomments&post=15"}],"version-history":[{"count":13,"href":"http:\/\/zstrumiejki.pl\/index.php?rest_route=\/wp\/v2\/pages\/15\/revisions"}],"predecessor-version":[{"id":2984,"href":"http:\/\/zstrumiejki.pl\/index.php?rest_route=\/wp\/v2\/pages\/15\/revisions\/2984"}],"wp:attachment":[{"href":"http:\/\/zstrumiejki.pl\/index.php?rest_route=%2Fwp%2Fv2%2Fmedia&parent=15"}],"curies":[{"name":"wp","href":"https:\/\/api.w.org\/{rel}","templated":true}]}}